{"id":4502,"date":"2024-09-19T02:28:06","date_gmt":"2024-09-18T23:28:06","guid":{"rendered":"https:\/\/felsensohnsafetybelts.com\/gesetz-zum-schutz-personenbezogener-daten\/"},"modified":"2025-07-25T07:48:51","modified_gmt":"2025-07-25T04:48:51","slug":"gesetz-zum-schutz-personenbezogener-daten","status":"publish","type":"page","link":"https:\/\/felsensohnsafetybelts.com\/de\/gesetz-zum-schutz-personenbezogener-daten\/","title":{"rendered":"Gesetz zum Schutz personenbezogener Daten"},"content":{"rendered":"\t\t<div data-elementor-type=\"wp-post\" data-elementor-id=\"4502\" class=\"elementor elementor-4502 elementor-3769\">\n\t\t\t\t\t\t<section class=\"elementor-section elementor-top-section elementor-element elementor-element-c956f5e elementor-section-boxed elementor-section-height-default elementor-section-height-default\" data-id=\"c956f5e\" data-element_type=\"section\">\n\t\t\t\t\t\t<div class=\"elementor-container elementor-column-gap-extended\">\n\t\t\t\t\t<div class=\"elementor-column elementor-col-50 elementor-top-column elementor-element elementor-element-9b08107\" data-id=\"9b08107\" data-element_type=\"column\">\n\t\t\t<div class=\"elementor-widget-wrap elementor-element-populated\">\n\t\t\t\t\t\t<div class=\"elementor-element elementor-element-3ebbead elementor-widget elementor-widget-heading\" data-id=\"3ebbead\" data-element_type=\"widget\" data-widget_type=\"heading.default\">\n\t\t\t\t<div class=\"elementor-widget-container\">\n\t\t\t<h6 class=\"elementor-heading-title elementor-size-default\">Gesetz zum Schutz personenbezogener Daten<\/h6>\t\t<\/div>\n\t\t\t\t<\/div>\n\t\t\t\t<div class=\"elementor-element elementor-element-bb79103 elementor-widget elementor-widget-heading\" data-id=\"bb79103\" data-element_type=\"widget\" data-widget_type=\"heading.default\">\n\t\t\t\t<div class=\"elementor-widget-container\">\n\t\t\t<h2 class=\"elementor-heading-title elementor-size-default\">Informationshinweis zum Schutz und zur Verarbeitung personenbezogener Daten<\/h2>\t\t<\/div>\n\t\t\t\t<\/div>\n\t\t\t\t<div class=\"elementor-element elementor-element-ec6aced elementor-widget elementor-widget-text-editor\" data-id=\"ec6aced\" data-element_type=\"widget\" data-widget_type=\"text-editor.default\">\n\t\t\t\t<div class=\"elementor-widget-container\">\n\t\t\t\t\t\t\t<ol><li><strong>Informationshinweis zum Schutz und zur Verarbeitung personenbezogener Daten<\/strong><\/li><\/ol><p>1.1. Zum Schutz der Grundrechte und -freiheiten nat\u00fcrlicher Personen, insbesondere des Rechts auf Privatsph\u00e4re, bei der Verarbeitung personenbezogener Daten und zur Festlegung der Pflichten nat\u00fcrlicher und juristischer Personen, die personenbezogene Daten verarbeiten, informieren wir, <strong>Felsensohn Emniyet Kemerleri Teknolojileri Sanayi ve Ticaret Anonim \u015eirketi<\/strong>, als Verantwortlicher gem\u00e4\u00df Artikel 10 des Gesetzes mit dem Titel &#8222;Informationspflicht des Verantwortlichen\u201c \u00fcber das Datenschutzgesetz Nr. 6698 (KVKK), ver\u00f6ffentlicht im Amtsblatt Nr. 29677 vom 7. April 2016.<\/p><p>1.2. <strong>Felsensohn Emniyet Kemerleri Teknolojileri Sanayi ve Ticaret Anonim \u015eirketi<\/strong> ,wurde gegr\u00fcndet, um sicherzustellen, dass die personenbezogenen Daten unserer B\u00fcrger in \u00dcbereinstimmung mit der Verfassung der Republik T\u00fcrkei und den internationalen Menschenrechtsabkommen, denen unser Land beigetreten ist, sowie den einschl\u00e4gigen Gesetzen, insbesondere dem Gesetz zum Schutz personenbezogener Daten Nr. 6698 (KVKK), verarbeitet werden und um sicherzustellen, dass die betroffenen Personen, deren Daten verarbeitet werden, ihre Rechte wirksam aus\u00fcben k\u00f6nnen. Alle an unser Unternehmen \u00fcbermittelten personenbezogenen Daten werden gem\u00e4\u00df den gesetzlichen Bestimmungen, im Rahmen unserer Aktivit\u00e4ten und Serviceziele und verh\u00e4ltnism\u00e4\u00dfig verarbeitet.<\/p><ol start=\"2\"><li><strong>Definitionen<\/strong><\/li><\/ol><p>2.1. Die in dieser Datenschutzerkl\u00e4rung verwendeten Begriffe \u201epersonenbezogene Daten\u201c, \u201ebesondere Kategorien personenbezogener Daten\u201c und \u201eDatenverarbeitung\u201c werden gem\u00e4\u00df den Definitionen des KVKK verwendet. Die im KVKK verwendeten Begriffe beziehen sich auf:<\/p><p><strong>2.1.1. Gesetz zum Schutz personenbezogener Daten (&#8222;KVKK\u201c):<\/strong> Das Gesetz zum Schutz personenbezogener Daten Nr. 6698, das mit der Ver\u00f6ffentlichung im Amtsblatt am 7. April 2016 in Kraft trat.<\/p><p><strong>2.1.2. Personenbezogene Daten:<\/strong> Der Begriff \u201ePersonenbezogene Daten\u201c bezeichnet alle Informationen, die sich auf eine identifizierte oder identifizierbare nat\u00fcrliche Person beziehen.<\/p><p><strong>2.1.3. Auftragsverarbeiter:<\/strong> Die nat\u00fcrliche oder juristische Person, die personenbezogene Daten im Auftrag des Verantwortlichen auf Grundlage der vom Verantwortlichen erteilten Genehmigung verarbeitet.<\/p><p><strong>2.1.4. Verantwortlicher:<\/strong> Die nat\u00fcrliche oder juristische Person, die \u00fcber die Zwecke und Mittel der Verarbeitung personenbezogener Daten entscheidet und f\u00fcr die Einrichtung und Verwaltung des Datenerfassungssystems verantwortlich ist.<\/p><p><strong>2.1.5. Verarbeitung personenbezogener Daten:<\/strong> Der Begriff \u201eVerarbeitung personenbezogener Daten\u201c bezeichnet alle Vorg\u00e4nge im Zusammenhang mit personenbezogenen Daten, wie z. B. das Erheben, Aufzeichnen, Speichern, Aufbewahren, Ver\u00e4ndern, Reorganisieren, Offenlegen, \u00dcbermitteln, Beschaffen, Bereitstellen, Klassifizieren oder Unterbinden der Nutzung personenbezogener Daten, unabh\u00e4ngig davon, ob diese vollst\u00e4ndig, teilweise oder vollst\u00e4ndig automatisiert erfolgen und Teil eines Datenaufzeichnungssystems sind.<\/p><ol start=\"3\"><li><strong>Grunds\u00e4tze der Verarbeitung personenbezogener Daten<\/strong><\/li><\/ol><p>3.1. Personenbezogene Daten der betroffenen Person gem\u00e4\u00df Artikel 4 des Datenschutzgesetzes werden gem\u00e4\u00df den gesetzlichen Bestimmungen und den Grunds\u00e4tzen der Treu und Glauben, richtig und, soweit erforderlich, aktuell, f\u00fcr bestimmte, eindeutige und legitime Zwecke verarbeitet; sie sind f\u00fcr die Zwecke, f\u00fcr die sie verarbeitet werden, relevant, begrenzt und verh\u00e4ltnism\u00e4\u00dfig. Ihre personenbezogenen Daten werden vom Verantwortlichen f\u00fcr die unten genannten Zwecke gem\u00e4\u00df den in den einschl\u00e4gigen Gesetzen festgelegten Aufbewahrungsvorschriften oder f\u00fcr den f\u00fcr die Verarbeitung erforderlichen Zeitraum verarbeitet.<\/p><ol start=\"4\"><li><strong>Zweck der Verarbeitung Ihrer personenbezogenen Daten<\/strong><\/li><\/ol><p>4.1. Gem\u00e4\u00df den Artikeln 4, 5 und 6 der KVKK werden Ihre personenbezogenen Daten wie folgt verarbeitet:<\/p><p>4.1.1. In \u00dcbereinstimmung mit dem Gesetz und dem Grundsatz der Treu und Glauben,<\/p><p>4.1.2. In begrenzter und verh\u00e4ltnism\u00e4\u00dfiger Weise im Zusammenhang mit den Verarbeitungszwecken,<\/p><p>4.1.3. Genau und aktuell,<\/p><p>4.1.4. F\u00fcr bestimmte, eindeutige und legitime Zwecke und f\u00fcr den in den einschl\u00e4gigen Gesetzen festgelegten oder f\u00fcr den Verarbeitungszweck erforderlichen Zeitraum.<\/p><p>4.2. Ihre personenbezogenen Daten werden von unseren Gesch\u00e4ftsbereichen verarbeitet, um sicherzustellen, dass Sie von den von unserem Unternehmen angebotenen Produkten und Dienstleistungen profitieren, um Ihnen von unserem Unternehmen angebotene Produkte und Dienstleistungen zu empfehlen, um Marktforschungsaktivit\u00e4ten f\u00fcr den Vertrieb und das Marketing von Produkten und Dienstleistungen zu planen und\/oder durchzuf\u00fchren, um Kundendienstdienstleistungen zu planen und\/oder durchzuf\u00fchren; Die Verarbeitung personenbezogener Daten erfolgt gem\u00e4\u00df den in den Artikeln 5 und 6 des Gesetzes Nr. 6698 festgelegten Bedingungen und Zwecken zum Zweck der \u00dcberwachung von Vertragsvorg\u00e4ngen und\/oder rechtlichen Anfragen, der Gew\u00e4hrleistung der rechtlichen, technischen und kommerziellen Arbeitssicherheit relevanter Personen, mit denen wir eine Gesch\u00e4ftsbeziehung unterhalten, der Sicherstellung der Umsetzung der Personalpolitik unseres Unternehmens, der Durchf\u00fchrung von Beurteilungen bei Bewerbungen, der Erf\u00fcllung unserer rechtlichen und gesetzlichen Verpflichtungen als unser Mitarbeiter, der Gew\u00e4hrleistung der Qualit\u00e4ts\u00fcberwachung, der Nachverfolgung gelieferter Produkte, der Gew\u00e4hrleistung Ihrer Sicherheit und Identifizierung bei Besuchen in unserem Unternehmen, der Kontaktaufnahme mit Ihnen bei Informationsanfragen und der Vertragserf\u00fcllung beim Kauf eines Produkts, der Planung, Pr\u00fcfung und Durchf\u00fchrung von Informationssicherheitsprozessen, des Aufbaus und der Verwaltung der IT-Infrastruktur, der \u00dcberwachung von Finanz- und\/oder Buchhaltungsangelegenheiten, der \u00dcberwachung rechtlicher Angelegenheiten, der Planung und Durchf\u00fchrung von Gesch\u00e4ftsaktivit\u00e4ten, der Planung und Durchf\u00fchrung von Unternehmenskommunikationsaktivit\u00e4ten sowie der Festlegung und Umsetzung der kommerziellen und gesch\u00e4ftlichen Strategien unseres Unternehmens. Die Daten unserer Mitarbeiter werden gem\u00e4\u00df den in den Artikeln 5 und 6 des Gesetzes Nr. 6698 festgelegten Bedingungen und Zwecken verarbeitet.<\/p><p>Zus\u00e4tzlich zu den Verpflichtungen aus dem Arbeits- und Sozialversicherungsrecht und anderen geltenden Gesetzen sowie im Rahmen unserer Personalpolitik oder aus betrieblichen Gr\u00fcnden, wie z. B. der Steigerung des Leistungsniveaus und der Mitarbeiterzufriedenheit sowie der Gew\u00e4hrleistung von Sicherheit und Frieden am Arbeitsplatz, k\u00f6nnen unser Unternehmen oder nat\u00fcrliche oder juristische Personen, mit denen unser Unternehmen zusammenarbeitet oder die es beauftragt, Ihre personenbezogenen Daten verarbeiten.<\/p><ol start=\"5\"><li><strong>\u00dcbermittlung personenbezogener Daten<\/strong><\/li><\/ol><p>5.1. Ihre personenbezogenen Daten k\u00f6nnen gem\u00e4\u00df den in den Artikeln 8 und 9 des Gesetzes Nr. 6698 festgelegten Bedingungen und Zwecken der Datenverarbeitung an unsere Gesch\u00e4ftspartner, Lieferanten, Anteilseigner, verbundenen Unternehmen, gesetzlich autorisierten \u00f6ffentlichen Einrichtungen und Privatpersonen \u00fcbermittelt werden. Ziel ist es, sicherzustellen, dass unsere Gesch\u00e4ftseinheiten die erforderlichen Arbeiten ausf\u00fchren, damit Sie von den Produkten und Dienstleistungen unseres Unternehmens profitieren k\u00f6nnen. Dar\u00fcber hinaus k\u00f6nnen wir Ihnen die von unserem Unternehmen angebotenen Produkte und Dienstleistungen entsprechend Ihren und den Bed\u00fcrfnissen Ihres Unternehmens anpassen und empfehlen. Dar\u00fcber hinaus k\u00f6nnen wir die Umsetzung unserer Personalpolitik sicherstellen. Dar\u00fcber hinaus k\u00f6nnen wir die rechtliche und gesch\u00e4ftliche Sicherheit unseres Unternehmens und der mit unserem Unternehmen in Gesch\u00e4ftsbeziehungen stehenden Personen gew\u00e4hrleisten. Dar\u00fcber hinaus k\u00f6nnen wir unsere Gesch\u00e4fts- und Gesch\u00e4ftsstrategien festlegen und umsetzen.<br \/><br \/>6. <strong>Erhebungsmethode und Rechtsgrundlage<\/strong><\/p><p>6.1. Personenbezogene Daten werden von unserem Unternehmen erhoben, verwendet, erfasst, gespeichert und verarbeitet, indem wir den betroffenen Personen klare und verst\u00e4ndliche Informationen in m\u00fcndlicher, schriftlicher und\/oder elektronischer Form bereitstellen und, falls erforderlich, deren ausdr\u00fcckliche Einwilligung in m\u00fcndlicher, schriftlicher und\/oder elektronischer Form einholen. Dies geschieht in \u00dcbereinstimmung mit den gesetzlichen Bestimmungen und den Grunds\u00e4tzen der Integrit\u00e4t sowie im Zusammenhang mit den oben ausdr\u00fccklich genannten legitimen Zwecken und unter Beachtung des Verh\u00e4ltnism\u00e4\u00dfigkeitsgrundsatzes. Dar\u00fcber hinaus erheben wir Ihre Daten \u00fcber verschiedene Kan\u00e4le und aus verschiedenen rechtlichen Gr\u00fcnden im Rahmen unserer gesch\u00e4ftlichen Zwecke, z. B. zur Kontaktaufnahme, zur Begr\u00fcndung eines Vertragsverh\u00e4ltnisses, zum Besuch unseres Gesch\u00e4fts, zur Bereitstellung Ihrer Daten f\u00fcr kommerzielle Zwecke und zur Weitergabe von Informationen im Rahmen von Werbeveranstaltungen. Wir erheben Ihre personenbezogenen Daten aus diesem rechtlichen Grund auch, um unsere Produkte und Dienstleistungen zu verbessern und unsere Gesch\u00e4ftsaktivit\u00e4ten durchzuf\u00fchren. Ihre aus diesem Rechtsgrund erhobenen personenbezogenen Daten k\u00f6nnen auch zu den in dieser Datenschutzerkl\u00e4rung genannten Zwecken gem\u00e4\u00df den in den Artikeln 5 und 6 des Gesetzes Nr. 6698 festgelegten Bedingungen und Zwecken der Datenverarbeitung verarbeitet und \u00fcbermittelt werden.<\/p><p>6.2. Wir stellen au\u00dferdem sicher, dass Ihre personenbezogenen Daten von unserem Unternehmen nicht f\u00fcr andere als die in dieser Datenschutzerkl\u00e4rung genannten Zwecke verarbeitet und nicht an Dritte im In- oder Ausland \u00fcbermittelt oder gespeichert werden.<\/p><ol start=\"7\"><li><strong>Datenspeicherung und -l\u00f6schung:<\/strong><\/li><\/ol><p>7.1. Unser Unternehmen speichert die verarbeiteten personenbezogenen Daten f\u00fcr die gesetzlich vorgeschriebenen Zeitr\u00e4ume. Sofern gesetzlich keine gesonderte Frist festgelegt ist, werden personenbezogene Daten f\u00fcr den Zeitraum gespeichert, der f\u00fcr die Gesch\u00e4ftspraktiken unseres Unternehmens erforderlich ist, basierend auf den von unserem Unternehmen w\u00e4hrend der Verarbeitung dieser Daten erbrachten Dienstleistungen, und f\u00fcr die danach als notwendig erachteten Zeitr\u00e4ume, ausschlie\u00dflich zum Zweck der Beweisf\u00fchrung in m\u00f6glichen Rechtsstreitigkeiten. Nach Ablauf dieser Fristen werden diese personenbezogenen Daten gel\u00f6scht, vernichtet oder anonymisiert.<\/p><ol start=\"8\"><li><strong>Rechte der betroffenen Person<\/strong><\/li><\/ol><p>8.1. Betroffene Personen haben das Recht, sich an das Unternehmen als Datenverantwortlichen zu wenden und:<\/p><p>8.1.1. zu erfahren, ob ihre personenbezogenen Daten verarbeitet wurden;<\/p><p>8.1.2. Falls ihre personenbezogenen Daten verarbeitet wurden, haben sie das Recht, Auskunft dar\u00fcber zu verlangen;<\/p><p>8.1.3. zu erfahren, zu welchem Zweck ihre personenbezogenen Daten verarbeitet wurden und ob diese zweckgem\u00e4\u00df verwendet wurden;<\/p><p>8.1.4. \u00fcber in- und ausl\u00e4ndische Dritte informiert zu werden, an die ihre personenbezogenen Daten \u00fcbermittelt wurden;<\/p><p>8.1.5. die Berichtigung unvollst\u00e4ndiger oder unrichtiger Verarbeitungen ihrer personenbezogenen Daten zu verlangen;<\/p><p>8.1.6. die L\u00f6schung oder Vernichtung ihrer personenbezogenen Daten gem\u00e4\u00df Artikel 7 des Datenschutzgesetzes Nr. 6698 zu verlangen;<\/p><p>8.1.7. die Benachrichtigung von Dritten, an die ihre personenbezogenen Daten \u00fcbermittelt wurden, \u00fcber Ma\u00dfnahmen gem\u00e4\u00df Artikel 11 Abs\u00e4tze (d) und (e) des Datenschutzgesetzes zu verlangen;<\/p><p>8.1.8. Widerspruch gegen nachteilige Folgen, die sich aus der Analyse verarbeiteter Daten, ausschlie\u00dflich durch automatisierte Systeme, ergeben.<\/p><p>8.1.9. Schadensersatz f\u00fcr Sch\u00e4den zu verlangen, die durch die unrechtm\u00e4\u00dfige Verarbeitung Ihrer personenbezogenen Daten entstanden sind.<\/p><p>8.2. Um Ihre oben genannten Rechte auszu\u00fcben, k\u00f6nnen Sie Ihre schriftliche Anfrage zusammen mit den erforderlichen Informationen zu Ihrer Identifizierung und Ihren Erl\u00e4uterungen zu dem von Ihnen gew\u00fcnschten Recht mit einem Antrag auf Abfrage und Verarbeitung personenbezogener Daten und pers\u00f6nlicher Unterschrift an \u201ehttps:\/\/felsensohnsafetybelts.com\/\u201c oder mit einer sicheren elektronischen Signatur, einer mobilen Signatur an unsere registrierte E-Mail-Adresse \u201e\u2026\u2026\u2026\u2026\u2026\u2026\u2026\u2026\u2026.\u201c senden oder von der betreffenden Person an <strong>Felsensohn Emniyet Kemerleri Teknolojileri Sanayi ve Ticaret Anonim \u015eirketi<\/strong> senden.<\/p><p>Sie k\u00f6nnen Ihre Bewerbung an die zuvor angegebene und im System des Verantwortlichen registrierte E-Mail-Adresse senden. Bewerbungen m\u00fcssen in t\u00fcrkischer Sprache eingereicht werden.<\/p><p>8.3. Bewerbungen m\u00fcssen Ihren Vor- und Nachnamen und Ihre Unterschrift enthalten (bei schriftlichen Bewerbungen); Ihre Personalausweisnummer (bei Staatsb\u00fcrgern der Republik T\u00fcrkei); Ihre Staatsangeh\u00f6rigkeit (bei Ausl\u00e4ndern); Ihre Passnummer\/Identifikationsnummer; Ihre Wohn- oder Arbeitsadresse f\u00fcr Benachrichtigungen; Ihre E-Mail-Adresse, Telefon- oder Faxnummer (falls zutreffend) und den Betreff Ihrer Anfrage.<\/p><p>8.4. Ihre Bewerbung zur Aus\u00fcbung Ihrer Rechte als betroffene Person muss klar und verst\u00e4ndlich sein; sie muss sich auf Sie pers\u00f6nlich beziehen; oder Sie m\u00fcssen, wenn Sie im Namen einer anderen Person handeln, ausdr\u00fccklich dazu bevollm\u00e4chtigt sein und Ihre Vollmacht nachweisen; Ihre Identit\u00e4ts- und Adressdaten m\u00fcssen der Bewerbung beigef\u00fcgt sein; Dokumente zur Best\u00e4tigung Ihrer Identit\u00e4t sind beizuf\u00fcgen.<\/p><p>8.5. In diesem Rahmen eingereichte Bewerbungen werden schnellstm\u00f6glich, sp\u00e4testens jedoch innerhalb von 30 Tagen, bearbeitet. Bei schriftlicher Beantwortung des Antrags bis zu zehn Seiten ist die Bearbeitungsgeb\u00fchr geb\u00fchrenfrei. F\u00fcr jede weitere Seite kann eine Bearbeitungsgeb\u00fchr von 1 TL erhoben werden. Erfolgt die Antwort auf den Antrag auf einem Datentr\u00e4ger wie CD oder USB-Stick, darf die von Felsensohn Emniyet Kemerleri Teknolojileri Sanayi ve Ticaret Anonim \u015eirketi erhobene Geb\u00fchr die Kosten des Datentr\u00e4gers nicht \u00fcbersteigen.<\/p><p><strong>INFORMATIONSFORMULAR ZUR KVKK<\/strong><\/p><p>Als FELSENSOHN verarbeiten wir gem\u00e4\u00df der KVKK-Nummer 6698 und als Verantwortlicher Ihre personenbezogenen Daten im Rahmen dieser Brosch\u00fcre. Ich erkl\u00e4re, dass ich die erforderlichen Informationen erhalten habe und die Informationsbrosch\u00fcre sowie die Richtlinie zur Verarbeitung und zum Schutz personenbezogener Daten von FELSENSOHN gem\u00e4\u00df Gesetz Nr. 6698 zum Schutz personenbezogener Daten gelesen, verstanden und zur Kenntnis genommen habe. Ich erkl\u00e4re mich bewusst und willentlich mit der Verarbeitung und \u00dcbermittlung meiner personenbezogenen Daten zu den in der mir pers\u00f6nlich ausgeh\u00e4ndigten Brosch\u00fcre \u201e<strong>Felsensohn Emniyet Kemerleri Teknolojileri Sanayi ve Ticaret Anonim \u015eirketi<\/strong> \u2013 Richtlinie zur Verarbeitung und zum Schutz personenbezogener Daten\u201c festgelegten Zwecken und in dem Umfang einverstanden.<\/p><p><strong>Ich akzeptiere<\/strong><\/p><p>\u2026\u2026\u2026\u2026\u2026\u2026\u2026\u2026\u2026\u2026\u2026\u2026\u2026\u2026\u2026\u2026\u2026\u2026\u2026\u2026\u2026\u2026\u2026\u2026\u2026\u2026\u2026\u2026\u2026\u2026\u2026\u2026\u2026\u2026\u2026\u2026<\/p><p><strong>Ich akzeptiere nicht<\/strong><\/p><p>\u2026\u2026\u2026\u2026\u2026\u2026\u2026\u2026\u2026\u2026\u2026\u2026\u2026\u2026\u2026\u2026\u2026\u2026\u2026\u2026\u2026\u2026\u2026\u2026\u2026\u2026\u2026\u2026\u2026\u2026\u2026\u2026\u2026\u2026\u2026\u2026<\/p><p><strong>Betroffener\/Mitarbeiter<\/strong><\/p><p>Vor- und Nachname:<\/p><p>Datum:<\/p><p>Unterschrift:<\/p>\t\t\t\t\t\t<\/div>\n\t\t\t\t<\/div>\n\t\t\t\t\t<\/div>\n\t\t<\/div>\n\t\t\t\t<div class=\"elementor-column elementor-col-50 elementor-top-column elementor-element elementor-element-88ac435\" data-id=\"88ac435\" data-element_type=\"column\">\n\t\t\t<div class=\"elementor-widget-wrap elementor-element-populated\">\n\t\t\t\t\t\t<section class=\"elementor-section elementor-inner-section elementor-element elementor-element-fbc36ad elementor-section-boxed elementor-section-height-default elementor-section-height-default\" data-id=\"fbc36ad\" data-element_type=\"section\">\n\t\t\t\t\t\t<div class=\"elementor-container elementor-column-gap-default\">\n\t\t\t\t\t<div class=\"elementor-column elementor-col-100 elementor-inner-column elementor-element elementor-element-0396f3f\" data-id=\"0396f3f\" data-element_type=\"column\">\n\t\t\t<div class=\"elementor-widget-wrap elementor-element-populated\">\n\t\t\t\t\t\t<div class=\"elementor-element elementor-element-62e3649 elementor-widget elementor-widget-text-editor\" data-id=\"62e3649\" data-element_type=\"widget\" data-widget_type=\"text-editor.default\">\n\t\t\t\t<div class=\"elementor-widget-container\">\n\t\t\t\t\t\t\t<p><img fetchpriority=\"high\" decoding=\"async\" class=\"alignnone size-medium wp-image-3774\" src=\"https:\/\/felsensohnsafetybelts.com\/wp-content\/uploads\/2024\/09\/KVKK-300x266.png\" alt=\"\" width=\"300\" height=\"266\" srcset=\"https:\/\/felsensohnsafetybelts.com\/wp-content\/uploads\/2024\/09\/KVKK-300x266.png 300w, https:\/\/felsensohnsafetybelts.com\/wp-content\/uploads\/2024\/09\/KVKK.png 569w\" sizes=\"(max-width: 300px) 100vw, 300px\" \/><\/p>\n\t\t\t\t\t\t<\/div>\n\t\t\t\t<\/div>\n\t\t\t\t\t<\/div>\n\t\t<\/div>\n\t\t\t\t\t<\/div>\n\t\t<\/section>\n\t\t\t\t\t<\/div>\n\t\t<\/div>\n\t\t\t\t\t<\/div>\n\t\t<\/section>\n\t\t\t\t<\/div>\n\t\t","protected":false},"excerpt":{"rendered":"<p>Gesetz zum Schutz personenbezogener Daten Informationshinweis zum Schutz und zur Verarbeitung personenbezogener Daten Informationshinweis zum Schutz und zur Verarbeitung personenbezogener Daten 1.1. Zum Schutz der Grundrechte und -freiheiten nat\u00fcrlicher Personen, insbesondere des Rechts auf Privatsph\u00e4re, bei der Verarbeitung personenbezogener Daten und zur Festlegung der Pflichten nat\u00fcrlicher und juristischer Personen, die personenbezogene Daten verarbeiten, informieren wir, [&hellip;]<\/p>\n","protected":false},"author":1,"featured_media":0,"parent":0,"menu_order":0,"comment_status":"closed","ping_status":"closed","template":"","meta":{"footnotes":""},"class_list":["post-4502","page","type-page","status-publish","hentry"],"_links":{"self":[{"href":"https:\/\/felsensohnsafetybelts.com\/de\/wp-json\/wp\/v2\/pages\/4502","targetHints":{"allow":["GET"]}}],"collection":[{"href":"https:\/\/felsensohnsafetybelts.com\/de\/wp-json\/wp\/v2\/pages"}],"about":[{"href":"https:\/\/felsensohnsafetybelts.com\/de\/wp-json\/wp\/v2\/types\/page"}],"author":[{"embeddable":true,"href":"https:\/\/felsensohnsafetybelts.com\/de\/wp-json\/wp\/v2\/users\/1"}],"replies":[{"embeddable":true,"href":"https:\/\/felsensohnsafetybelts.com\/de\/wp-json\/wp\/v2\/comments?post=4502"}],"version-history":[{"count":16,"href":"https:\/\/felsensohnsafetybelts.com\/de\/wp-json\/wp\/v2\/pages\/4502\/revisions"}],"predecessor-version":[{"id":4518,"href":"https:\/\/felsensohnsafetybelts.com\/de\/wp-json\/wp\/v2\/pages\/4502\/revisions\/4518"}],"wp:attachment":[{"href":"https:\/\/felsensohnsafetybelts.com\/de\/wp-json\/wp\/v2\/media?parent=4502"}],"curies":[{"name":"wp","href":"https:\/\/api.w.org\/{rel}","templated":true}]}}